{"id":660,"date":"2019-11-06T13:18:12","date_gmt":"2019-11-06T13:18:12","guid":{"rendered":"http:\/\/www.mapamundimusica.com\/viguela\/?page_id=660"},"modified":"2019-11-06T13:30:08","modified_gmt":"2019-11-06T13:30:08","slug":"dedicatorias","status":"publish","type":"page","link":"https:\/\/www.mapamundimusica.com\/viguela\/dedicatorias\/","title":{"rendered":"Coplas dedicadas"},"content":{"rendered":"<div id=\"fb-root\"><\/div>\n<p><\/p>\n<h1 style=\"text-align: center;\">COPLAS DEDICADAS<\/h1>\n<h5 style=\"text-align: center;\">Menchu y Mari se parten de risa. No me extra\u00f1a. Seguramente es el efecto de una copla dedicada, personalizada, \u00bftal vez como est\u00e1?<\/h5>\n<p><img loading=\"lazy\" class=\"wp-image-661 alignleft\" src=\"http:\/\/www.mapamundimusica.com\/viguela\/wp-content\/uploads\/2019\/11\/IMG_4443-e1573045857950-1024x683.jpg\" alt=\"\" width=\"329\" height=\"219\" srcset=\"https:\/\/www.mapamundimusica.com\/viguela\/wp-content\/uploads\/2019\/11\/IMG_4443-e1573045857950-1024x683.jpg 1024w, https:\/\/www.mapamundimusica.com\/viguela\/wp-content\/uploads\/2019\/11\/IMG_4443-e1573045857950-300x200.jpg 300w, https:\/\/www.mapamundimusica.com\/viguela\/wp-content\/uploads\/2019\/11\/IMG_4443-e1573045857950-768x512.jpg 768w\" sizes=\"(max-width: 329px) 100vw, 329px\" \/><\/p>\n<p style=\"text-align: center;\"><iframe src=\"https:\/\/www.youtube.com\/embed\/kNccw6xl0eo\" width=\"330\" height=\"221\" frameborder=\"0\" allowfullscreen=\"allowfullscreen\"><span data-mce-type=\"bookmark\" style=\"display: inline-block; width: 0px; overflow: hidden; line-height: 0;\" class=\"mce_SELRES_start\">\ufeff<\/span><span data-mce-type=\"bookmark\" style=\"display: inline-block; width: 0px; overflow: hidden; line-height: 0;\" class=\"mce_SELRES_start\">\ufeff<\/span><\/iframe><\/p>\n<p>&nbsp;<\/p>\n<p>La que escribe estas l\u00edneas es la tal Cheli o Araceli de la canci\u00f3n, y la verdad es que cada vez que lo oigo me parto como la primera vez. \u00bfTe gustar\u00eda enviar unas coplas dedicadas a alguna persona que amas? D\u00ednoslo, te grabamos unas coplas para felicitarle el cumplea\u00f1os o el aniversario, para decirle lo que le quieres. Podemos hasta pedirle matrimonio de tu parte. O, si por el contrario, lo que quieres es divorciarte, pues d\u00edselo de una forma, digamos&#8230; diferente.<\/p>\n<p>Cont\u00e1ctanos con tu idea. Te preguntaremos si tenemos alguna duda y te daremos precio y plazo. Tienes el email y el tel\u00e9fono en la parte de arriba a la derecha ;-)<\/p>","protected":false},"excerpt":{"rendered":"<p>COPLAS DEDICADAS Menchu y Mari se parten de risa. No me extra\u00f1a. Seguramente es el efecto de una copla dedicada, personalizada, \u00bftal vez como est\u00e1? \ufeff\ufeff &nbsp; La que escribe estas l\u00edneas es la tal Cheli o Araceli de la canci\u00f3n, y la verdad es que cada vez que lo oigo me parto como la [&hellip;]<\/p>\n","protected":false},"author":1,"featured_media":0,"parent":0,"menu_order":0,"comment_status":"closed","ping_status":"closed","template":"","meta":[],"_links":{"self":[{"href":"https:\/\/www.mapamundimusica.com\/viguela\/wp-json\/wp\/v2\/pages\/660"}],"collection":[{"href":"https:\/\/www.mapamundimusica.com\/viguela\/wp-json\/wp\/v2\/pages"}],"about":[{"href":"https:\/\/www.mapamundimusica.com\/viguela\/wp-json\/wp\/v2\/types\/page"}],"author":[{"embeddable":true,"href":"https:\/\/www.mapamundimusica.com\/viguela\/wp-json\/wp\/v2\/users\/1"}],"replies":[{"embeddable":true,"href":"https:\/\/www.mapamundimusica.com\/viguela\/wp-json\/wp\/v2\/comments?post=660"}],"version-history":[{"count":9,"href":"https:\/\/www.mapamundimusica.com\/viguela\/wp-json\/wp\/v2\/pages\/660\/revisions"}],"predecessor-version":[{"id":671,"href":"https:\/\/www.mapamundimusica.com\/viguela\/wp-json\/wp\/v2\/pages\/660\/revisions\/671"}],"wp:attachment":[{"href":"https:\/\/www.mapamundimusica.com\/viguela\/wp-json\/wp\/v2\/media?parent=660"}],"curies":[{"name":"wp","href":"https:\/\/api.w.org\/{rel}","templated":true}]}}