{"id":599,"date":"2019-11-05T20:17:49","date_gmt":"2019-11-05T20:17:49","guid":{"rendered":"http:\/\/www.mapamundimusica.com\/viguela\/?page_id=599"},"modified":"2020-03-09T09:31:33","modified_gmt":"2020-03-09T09:31:33","slug":"apayeduard","status":"publish","type":"page","link":"https:\/\/www.mapamundimusica.com\/viguela\/apayeduard\/","title":{"rendered":"Proyecto conjunto con Apa y Eduard Navarro"},"content":{"rendered":"<div id=\"fb-root\"><\/div>\n<p>Los\u00a0<strong>estilos tradicionales de baile<\/strong>, presentes en pr\u00e1cticamente toda la Pen\u00ednsula, funcionan de manera similar a los palos del flamenco. Son\u00a0un lenguaje compartido por los int\u00e9rpretes, que les permite\u00a0<strong>improvisar y crear en tiempo real<\/strong>, incluso si no se han visto nunca antes. El\u00a0conocimiento de los estilos tradicionales tiene un resultado igual que el del conocimiento de un idioma: permite la comunicaci\u00f3n entre las\u00a0personas sin necesidad de componer y ensayar previamente una conversaci\u00f3n.<\/p>\n<p>La\u00a0<strong>capacidad generativa\u00a0<\/strong>de los interlocutores les permite crear en el momento los mensajes que intercambian, sin hacer composici\u00f3n previa, pero respetando unas reglas. Los estilos tradicionales funcionan de la misma manera y los artistas de este espect\u00e1culo lo demostrar\u00e1n en el escenario de la Fira Mediterr\u00e0nia.<\/p>\n<blockquote><p><strong><em><img loading=\"lazy\" class=\"wp-image-601 alignright\" src=\"http:\/\/www.mapamundimusica.com\/viguela\/wp-content\/uploads\/2019\/11\/ApaRetrato-1002x1024.jpeg\" alt=\"\" width=\"176\" height=\"181\" srcset=\"https:\/\/www.mapamundimusica.com\/viguela\/wp-content\/uploads\/2019\/11\/ApaRetrato-1002x1024.jpeg 1002w, https:\/\/www.mapamundimusica.com\/viguela\/wp-content\/uploads\/2019\/11\/ApaRetrato-294x300.jpeg 294w, https:\/\/www.mapamundimusica.com\/viguela\/wp-content\/uploads\/2019\/11\/ApaRetrato-768x785.jpeg 768w, https:\/\/www.mapamundimusica.com\/viguela\/wp-content\/uploads\/2019\/11\/ApaRetrato.jpeg 1512w\" sizes=\"(max-width: 176px) 100vw, 176px\" \/>\u201cBuscando abrazos de aguas<\/em><\/strong><img class=\"alignright\" style=\"letter-spacing: 0.5px; background-color: #fcfcfc;\" src=\"https:\/\/gallery.mailchimp.com\/bc493816d894ee14ba9103e7b\/images\/4227e960-8b17-40f9-8baa-25f4536c38ed.png\" width=\"180\" align=\"right\" data-file-id=\"1094331\" \/><br \/>\n<strong><em>el Tajo mir\u00f3 hacia Oriente<br \/>\ny descubri\u00f3 en una copla<br \/>\nque el Turia es su confidente.\u201d<\/em><\/strong><br \/>\nJuan Antonio V\u00e1zquez<\/p><\/blockquote>\n<div><em><strong>Del Tajo al Turia, la misma agua corre<\/strong><\/em><\/div>\n<div><\/div>\n<div>El espect\u00e1culo supone el encuentro entre dos artistas entregados durante d\u00e9cadas a la interpretaci\u00f3n y la divulgaci\u00f3n de la cultura tradicional, ambos referencia esencial de la m\u00fasica de su tierra: el valenciano de Godella,\u00a0<strong>Josep Aparicio \u201cApa\u201d<\/strong>, acompa\u00f1ado por el superdotado multi-instrumentista valenciano\u00a0<strong>Eduard Navarro<\/strong>\u00a0y el grupo toledano\u00a0<strong>Vig\u00fcela<\/strong>. Diferentes idiomas y un lenguaje musical compartido, un substrato de arte popular que conecta la Meseta con el Mediterr\u00e1neo.<\/div>\n<p>&nbsp;<\/p>\n<p style=\"text-align: center;\"><strong style=\"color: #333333; font-family: Georgia, 'Times New Roman', 'Bitstream Charter', Times, serif; font-size: 16px;\"><em>El Tajo mira hacia Oriente y el Turia es su confidente<\/em><\/strong><\/p>\n<div>\n<div>Con el hilo conductor de los estilos tradicionales para el baile, como la\u00a0<strong>jota<\/strong>\u00a0y la\u00a0<strong>malague\u00f1a<\/strong>, y tambi\u00e9n con los\u00a0<strong>cantos melism\u00e1ticos<\/strong>, en los que la voz se hace protagonista, como los\u00a0<strong>cants de batre<\/strong>\u00a0y las\u00a0<strong>tonadas<\/strong>, en los que estos excepcionales cantantes brillan y conmueven, el concierto es un di\u00e1logo entre\u00a0<strong>dos terremotos de la m\u00fasica tradicional<\/strong>.<\/div>\n<p>&nbsp;<\/p>\n<h6 style=\"text-align: center;\">Pincha para ver los v\u00eddeos del estreno en la Fira Mediterr\u00e0nia de Manresa:<\/h6>\n<\/div>\n<p style=\"text-align: center;\"><iframe src=\"https:\/\/www.youtube.com\/embed\/bm4at5Tspgs\" width=\"370\" height=\"300\" frameborder=\"0\" allowfullscreen=\"allowfullscreen\"><\/iframe> <iframe src=\"https:\/\/www.youtube.com\/embed\/QLu0eoOEQ00\" width=\"370\" height=\"300\" frameborder=\"0\" allowfullscreen=\"allowfullscreen\"><span data-mce-type=\"bookmark\" style=\"display: inline-block; width: 0px; overflow: hidden; line-height: 0;\" class=\"mce_SELRES_start\">\ufeff<\/span><span data-mce-type=\"bookmark\" style=\"display: inline-block; width: 0px; overflow: hidden; line-height: 0;\" class=\"mce_SELRES_start\">\ufeff<\/span><\/iframe><\/p>\n<div><img loading=\"lazy\" class=\"aligncenter wp-image-613\" src=\"http:\/\/www.mapamundimusica.com\/viguela\/wp-content\/uploads\/2019\/11\/Edit1-1-1024x683.jpg\" alt=\"\" width=\"803\" height=\"535\" srcset=\"https:\/\/www.mapamundimusica.com\/viguela\/wp-content\/uploads\/2019\/11\/Edit1-1-1024x683.jpg 1024w, https:\/\/www.mapamundimusica.com\/viguela\/wp-content\/uploads\/2019\/11\/Edit1-1-300x200.jpg 300w, https:\/\/www.mapamundimusica.com\/viguela\/wp-content\/uploads\/2019\/11\/Edit1-1-768x512.jpg 768w\" sizes=\"(max-width: 803px) 100vw, 803px\" \/><\/div>\n<div><\/div>\n<p><\/p>","protected":false},"excerpt":{"rendered":"<p>Los\u00a0estilos tradicionales de baile, presentes en pr\u00e1cticamente toda la Pen\u00ednsula, funcionan de manera similar a los palos del flamenco. Son\u00a0un lenguaje compartido por los int\u00e9rpretes, que les permite\u00a0improvisar y crear en tiempo real, incluso si no se han visto nunca antes. El\u00a0conocimiento de los estilos tradicionales tiene un resultado igual que el del conocimiento de [&hellip;]<\/p>\n","protected":false},"author":1,"featured_media":0,"parent":0,"menu_order":0,"comment_status":"closed","ping_status":"closed","template":"","meta":[],"_links":{"self":[{"href":"https:\/\/www.mapamundimusica.com\/viguela\/wp-json\/wp\/v2\/pages\/599"}],"collection":[{"href":"https:\/\/www.mapamundimusica.com\/viguela\/wp-json\/wp\/v2\/pages"}],"about":[{"href":"https:\/\/www.mapamundimusica.com\/viguela\/wp-json\/wp\/v2\/types\/page"}],"author":[{"embeddable":true,"href":"https:\/\/www.mapamundimusica.com\/viguela\/wp-json\/wp\/v2\/users\/1"}],"replies":[{"embeddable":true,"href":"https:\/\/www.mapamundimusica.com\/viguela\/wp-json\/wp\/v2\/comments?post=599"}],"version-history":[{"count":33,"href":"https:\/\/www.mapamundimusica.com\/viguela\/wp-json\/wp\/v2\/pages\/599\/revisions"}],"predecessor-version":[{"id":703,"href":"https:\/\/www.mapamundimusica.com\/viguela\/wp-json\/wp\/v2\/pages\/599\/revisions\/703"}],"wp:attachment":[{"href":"https:\/\/www.mapamundimusica.com\/viguela\/wp-json\/wp\/v2\/media?parent=599"}],"curies":[{"name":"wp","href":"https:\/\/api.w.org\/{rel}","templated":true}]}}