{"id":587,"date":"2019-11-05T19:51:23","date_gmt":"2019-11-05T19:51:23","guid":{"rendered":"http:\/\/www.mapamundimusica.com\/viguela\/?page_id=587"},"modified":"2024-10-13T19:56:53","modified_gmt":"2024-10-13T19:56:53","slug":"discos","status":"publish","type":"page","link":"https:\/\/www.mapamundimusica.com\/viguela\/discos\/","title":{"rendered":"Discograf\u00eda"},"content":{"rendered":"<div id=\"fb-root\"><\/div>\n<p><img loading=\"lazy\" class=\"alignright wp-image-1425\" src=\"https:\/\/www.mapamundimusica.com\/viguela\/wp-content\/uploads\/2024\/07\/Viguela-We-cover.png\" alt=\"\" width=\"295\" height=\"264\" srcset=\"https:\/\/www.mapamundimusica.com\/viguela\/wp-content\/uploads\/2024\/07\/Viguela-We-cover.png 936w, https:\/\/www.mapamundimusica.com\/viguela\/wp-content\/uploads\/2024\/07\/Viguela-We-cover-300x268.png 300w, https:\/\/www.mapamundimusica.com\/viguela\/wp-content\/uploads\/2024\/07\/Viguela-We-cover-768x687.png 768w\" sizes=\"(max-width: 295px) 100vw, 295px\" \/><\/p>\n<p>&nbsp;<\/p>\n<h1 style=\"text-align: center;\">DISCOGRAF\u00cdA<\/h1>\n<p>Nuestro disco m\u00e1s reciente es \u00abWe\u00bb. Precio: 15\u20ac + gastos de env\u00edo (2 \u20ac en Espa\u00f1a peninsular y Baleares, para otras localizaciones, consultar).<\/p>\n<p>Cont\u00e1ctanos en viguela@mundimapa.com o en +34 676302882 para encargarlo.<\/p>\n<p><strong>DISCOGRAF\u00cdA COMPLETA:<\/strong><\/p>\n<ol>\n<li>\u201c<strong>Cantes del pueblo de El Carpio de Tajo<\/strong>\u201d (Producci\u00f3n: Pedro Vaquero \u201cSonifolk\u201d)<\/li>\n<li>\u201c<strong>Las Pascuas<\/strong>\u201d (Producci\u00f3n: Pedro Vaquero \u201cSonifolk\u201d)<\/li>\n<li>\u201c<strong>Rondas y jotas de boda de Candeleda<\/strong>\u201d (Producci\u00f3n: Pedro Vaquero \u201cSonifolk\u201d)<\/li>\n<li>\u201c<strong>Son, sones y soniquetes<\/strong>\u201d (Producci\u00f3n: Luis Mart\u00edn D\u00edez)<\/li>\n<li>\u201c<strong>El Aguardiente y el agualim\u00f3n<\/strong>\u201d (Producci\u00f3n: Vig\u00fcela)<\/li>\n<li>\u00ab<strong>Entre tonadas<\/strong>\u00bb (Producci\u00f3n: Vig\u00fcela)<\/li>\n<li>\u00ab<strong>Temperamento<\/strong>\u00bb (Producci\u00f3n: Vig\u00fcela \/ sello: ARC Music)<\/li>\n<li><strong>\u201cA Tiempo Real \/ In Real Time\u201d\u00a0<\/strong>(Producci\u00f3n: Vig\u00fcela \/ sello: ARC Music)<\/li>\n<li><strong>\u00abA la manera artesana\u00bb\u00a0<\/strong>(Producci\u00f3n: Vig\u00fcela \/ sello: ARC Music)<\/li>\n<li><strong>\u00abWe\u00bb<\/strong> (Producci\u00f3n: Vig\u00fcela \/ sello: Mapamundi M\u00fasica)<br \/>\n<table style=\"border-collapse: collapse; width: 100%;\">\n<tbody>\n<tr>\n<td style=\"width: 33.3333%;\"><img loading=\"lazy\" class=\"wp-image-331 aligncenter\" style=\"letter-spacing: normal; background-color: #ffffff;\" src=\"http:\/\/www.mapamundimusica.com\/viguela\/wp-content\/uploads\/2016\/01\/PortadaTemperamento.png\" alt=\"\" width=\"262\" height=\"262\" srcset=\"https:\/\/www.mapamundimusica.com\/viguela\/wp-content\/uploads\/2016\/01\/PortadaTemperamento.png 700w, https:\/\/www.mapamundimusica.com\/viguela\/wp-content\/uploads\/2016\/01\/PortadaTemperamento-150x150.png 150w, https:\/\/www.mapamundimusica.com\/viguela\/wp-content\/uploads\/2016\/01\/PortadaTemperamento-300x300.png 300w\" sizes=\"(max-width: 262px) 100vw, 262px\" \/><\/td>\n<td style=\"width: 33.3333%;\"><a href=\"http:\/\/www.mapamundimusica.com\/viguela\/wp-content\/uploads\/2016\/01\/son-sones-y-soniquetes.jpg\" rel=\"attachment wp-att-75\"><img loading=\"lazy\" class=\"wp-image-75 aligncenter\" src=\"http:\/\/www.mapamundimusica.com\/viguela\/wp-content\/uploads\/2016\/01\/son-sones-y-soniquetes.jpg\" alt=\"son-sones-y-soniquetes\" width=\"262\" height=\"262\" srcset=\"https:\/\/www.mapamundimusica.com\/viguela\/wp-content\/uploads\/2016\/01\/son-sones-y-soniquetes.jpg 460w, https:\/\/www.mapamundimusica.com\/viguela\/wp-content\/uploads\/2016\/01\/son-sones-y-soniquetes-150x150.jpg 150w, https:\/\/www.mapamundimusica.com\/viguela\/wp-content\/uploads\/2016\/01\/son-sones-y-soniquetes-300x300.jpg 300w\" sizes=\"(max-width: 262px) 100vw, 262px\" \/><\/a><\/td>\n<td style=\"width: 33.3333%;\"><img loading=\"lazy\" class=\"wp-image-73 aligncenter\" style=\"font-size: 14px; letter-spacing: normal; background-color: #ffffff;\" src=\"http:\/\/www.mapamundimusica.com\/viguela\/wp-content\/uploads\/2016\/01\/600x600sr-300x300.jpg\" alt=\"&quot;600x600sr&lt;\/p\" width=\"265\" height=\"265\" srcset=\"https:\/\/www.mapamundimusica.com\/viguela\/wp-content\/uploads\/2016\/01\/600x600sr-300x300.jpg 300w, https:\/\/www.mapamundimusica.com\/viguela\/wp-content\/uploads\/2016\/01\/600x600sr-150x150.jpg 150w, https:\/\/www.mapamundimusica.com\/viguela\/wp-content\/uploads\/2016\/01\/600x600sr.jpg 600w\" sizes=\"(max-width: 265px) 100vw, 265px\" \/><\/td>\n<\/tr>\n<tr>\n<td style=\"width: 33.3333%;\"><img loading=\"lazy\" class=\"wp-image-327 aligncenter\" src=\"http:\/\/www.mapamundimusica.com\/viguela\/wp-content\/uploads\/2016\/01\/ATiempoRealCover-1024x1024.jpg\" alt=\"\" width=\"351\" height=\"351\" srcset=\"https:\/\/www.mapamundimusica.com\/viguela\/wp-content\/uploads\/2016\/01\/ATiempoRealCover-1024x1024.jpg 1024w, https:\/\/www.mapamundimusica.com\/viguela\/wp-content\/uploads\/2016\/01\/ATiempoRealCover-150x150.jpg 150w, https:\/\/www.mapamundimusica.com\/viguela\/wp-content\/uploads\/2016\/01\/ATiempoRealCover-300x300.jpg 300w, https:\/\/www.mapamundimusica.com\/viguela\/wp-content\/uploads\/2016\/01\/ATiempoRealCover-768x768.jpg 768w, https:\/\/www.mapamundimusica.com\/viguela\/wp-content\/uploads\/2016\/01\/ATiempoRealCover.jpg 1419w\" sizes=\"(max-width: 351px) 100vw, 351px\" \/><\/td>\n<td style=\"width: 33.3333%;\"><img loading=\"lazy\" class=\"aligncenter\" src=\"https:\/\/images-na.ssl-images-amazon.com\/images\/I\/51i9XR1NklL._SX355_.jpg\" width=\"344\" height=\"339\" \/><\/td>\n<td style=\"width: 33.3333%;\"><img loading=\"lazy\" class=\"alignright size-full wp-image-1367\" src=\"https:\/\/www.mapamundimusica.com\/viguela\/wp-content\/uploads\/2022\/01\/coveralamaneraartesana.jpg\" alt=\"\" width=\"700\" height=\"700\" srcset=\"https:\/\/www.mapamundimusica.com\/viguela\/wp-content\/uploads\/2022\/01\/coveralamaneraartesana.jpg 700w, https:\/\/www.mapamundimusica.com\/viguela\/wp-content\/uploads\/2022\/01\/coveralamaneraartesana-300x300.jpg 300w, https:\/\/www.mapamundimusica.com\/viguela\/wp-content\/uploads\/2022\/01\/coveralamaneraartesana-150x150.jpg 150w\" sizes=\"(max-width: 700px) 100vw, 700px\" \/><\/td>\n<\/tr>\n<\/tbody>\n<\/table>\n<\/li>\n<\/ol>\n<p><\/p>","protected":false},"excerpt":{"rendered":"<p>&nbsp; DISCOGRAF\u00cdA Nuestro disco m\u00e1s reciente es \u00abWe\u00bb. Precio: 15\u20ac + gastos de env\u00edo (2 \u20ac en Espa\u00f1a peninsular y Baleares, para otras localizaciones, consultar). Cont\u00e1ctanos en viguela@mundimapa.com o en +34 676302882 para encargarlo. DISCOGRAF\u00cdA COMPLETA: \u201cCantes del pueblo de El Carpio de Tajo\u201d (Producci\u00f3n: Pedro Vaquero \u201cSonifolk\u201d) \u201cLas Pascuas\u201d (Producci\u00f3n: Pedro Vaquero \u201cSonifolk\u201d) \u201cRondas [&hellip;]<\/p>\n","protected":false},"author":1,"featured_media":0,"parent":0,"menu_order":0,"comment_status":"closed","ping_status":"closed","template":"","meta":[],"_links":{"self":[{"href":"https:\/\/www.mapamundimusica.com\/viguela\/wp-json\/wp\/v2\/pages\/587"}],"collection":[{"href":"https:\/\/www.mapamundimusica.com\/viguela\/wp-json\/wp\/v2\/pages"}],"about":[{"href":"https:\/\/www.mapamundimusica.com\/viguela\/wp-json\/wp\/v2\/types\/page"}],"author":[{"embeddable":true,"href":"https:\/\/www.mapamundimusica.com\/viguela\/wp-json\/wp\/v2\/users\/1"}],"replies":[{"embeddable":true,"href":"https:\/\/www.mapamundimusica.com\/viguela\/wp-json\/wp\/v2\/comments?post=587"}],"version-history":[{"count":18,"href":"https:\/\/www.mapamundimusica.com\/viguela\/wp-json\/wp\/v2\/pages\/587\/revisions"}],"predecessor-version":[{"id":1431,"href":"https:\/\/www.mapamundimusica.com\/viguela\/wp-json\/wp\/v2\/pages\/587\/revisions\/1431"}],"wp:attachment":[{"href":"https:\/\/www.mapamundimusica.com\/viguela\/wp-json\/wp\/v2\/media?parent=587"}],"curies":[{"name":"wp","href":"https:\/\/api.w.org\/{rel}","templated":true}]}}