{"id":527,"date":"2019-11-05T18:06:03","date_gmt":"2019-11-05T18:06:03","guid":{"rendered":"http:\/\/www.mapamundimusica.com\/viguela\/?page_id=527"},"modified":"2020-03-09T09:31:55","modified_gmt":"2020-03-09T09:31:55","slug":"colaboracionpl","status":"publish","type":"page","link":"https:\/\/www.mapamundimusica.com\/viguela\/colaboracionpl\/","title":{"rendered":"Proyecto conjunto con Janusz Prusinowski Kompania"},"content":{"rendered":"<div id=\"fb-root\"><\/div>\n<p><\/p>\n<h1 style=\"text-align: center;\"><strong>De Coraz\u00f3n a Coraz\u00f3n: <span class=\"il\">Castilla<\/span>\u00a0&amp;\u00a0<span class=\"il\">Mazovia<\/span><\/strong><\/h1>\n<p><img loading=\"lazy\" class=\"aligncenter wp-image-537\" src=\"http:\/\/www.mapamundimusica.com\/viguela\/wp-content\/uploads\/2019\/11\/AMCieszewscy_2018_04_279999_315-1024x683.jpg\" alt=\"\" width=\"829\" height=\"553\" \/><\/p>\n<blockquote><p><em>\u201cHacen la polka y la mazurka con los mismos conceptos musicales que nuestros abuelos la jota, el son y la seguidilla. Muchos se sorprender\u00edan de ver bailar a nuestros mayores la m\u00fasica del grupo de\u00a0<span class=\"il\">Janusz<\/span>Prusinowski como si fuera su m\u00fasica de toda la vida.\u201d\u00a0<\/em><strong>Juan Antonio Torres, acerca de la m\u00fasica de\u00a0<span class=\"il\">Janusz<\/span>\u00a0Prusinowski<\/strong><\/p><\/blockquote>\n<blockquote><p><em>\u00abVoces poderosas desde lo profundo de su ser traspasan mi mente y golpean directas al centro de mi coraz\u00f3n. Algo esencial est\u00e1 ocurriendo: un mensaje musical desde el centro de Espa\u00f1a, \u00fanico y, a la vez, universal.\u201d <\/em><strong><span class=\"il\">Janusz<\/span>\u00a0Prusinowski, acerca de<span class=\"il\">Vig\u00fcela<\/span><\/strong><\/p><\/blockquote>\n<p>Con nuestros amigos polacos Janusz Prusinowski Kompania y Maria Siwiec encontramos <strong>una especie de substrato sutil<\/strong>, que no viene de las influencias mutuas entre nuestras culturas, sino de alg\u00fan tipo de caracter\u00edstica humana, conectada a ambas culturas musicales. Bueno, es realmente emocionante y el concierto es una delicia y una sorpresa constante.<\/p>\n<p><iframe src=\"https:\/\/www.youtube.com\/embed\/SlBS8cJydHQ\" width=\"360\" height=\"300\" frameborder=\"0\" allowfullscreen=\"allowfullscreen\"><\/iframe> <iframe src=\"https:\/\/www.youtube.com\/embed\/tgjgNr8St6I\" width=\"360\" height=\"300\" frameborder=\"0\" allowfullscreen=\"allowfullscreen\"><span data-mce-type=\"bookmark\" style=\"display: inline-block; width: 0px; overflow: hidden; line-height: 0;\" class=\"mce_SELRES_start\">\ufeff<\/span><span data-mce-type=\"bookmark\" style=\"display: inline-block; width: 0px; overflow: hidden; line-height: 0;\" class=\"mce_SELRES_start\">\ufeff<\/span><\/iframe><\/p>\n<p>Pulsa en las im\u00e1genes para verlas ampliadas:<\/p>\n<div id='gallery-1' class='gallery galleryid-527 gallery-columns-3 gallery-size-thumbnail'><figure class='gallery-item'>\n\t\t\t<div class='gallery-icon landscape'>\n\t\t\t\t<a href='https:\/\/www.mapamundimusica.com\/viguela\/colaboracionpl\/attachment\/amcieszewscy_2018_04_279999_808\/'><img width=\"150\" height=\"150\" src=\"https:\/\/www.mapamundimusica.com\/viguela\/wp-content\/uploads\/2019\/11\/AMCieszewscy_2018_04_279999_808-150x150.jpg\" class=\"attachment-thumbnail size-thumbnail\" alt=\"\" loading=\"lazy\" \/><\/a>\n\t\t\t<\/div><\/figure><figure class='gallery-item'>\n\t\t\t<div class='gallery-icon landscape'>\n\t\t\t\t<a href='https:\/\/www.mapamundimusica.com\/viguela\/colaboracionpl\/attachment\/amcieszewscy_2018_04_279999_802\/'><img width=\"150\" height=\"150\" src=\"https:\/\/www.mapamundimusica.com\/viguela\/wp-content\/uploads\/2019\/11\/AMCieszewscy_2018_04_279999_802-150x150.jpg\" class=\"attachment-thumbnail size-thumbnail\" alt=\"\" loading=\"lazy\" \/><\/a>\n\t\t\t<\/div><\/figure><figure class='gallery-item'>\n\t\t\t<div class='gallery-icon landscape'>\n\t\t\t\t<a href='https:\/\/www.mapamundimusica.com\/viguela\/colaboracionpl\/attachment\/amcieszewscy_2018_04_279999_737\/'><img width=\"150\" height=\"150\" src=\"https:\/\/www.mapamundimusica.com\/viguela\/wp-content\/uploads\/2019\/11\/AMCieszewscy_2018_04_279999_737-150x150.jpg\" class=\"attachment-thumbnail size-thumbnail\" alt=\"\" loading=\"lazy\" \/><\/a>\n\t\t\t<\/div><\/figure><figure class='gallery-item'>\n\t\t\t<div class='gallery-icon landscape'>\n\t\t\t\t<a href='https:\/\/www.mapamundimusica.com\/viguela\/colaboracionpl\/attachment\/amcieszewscy_2018_04_279999_601\/'><img width=\"150\" height=\"150\" src=\"https:\/\/www.mapamundimusica.com\/viguela\/wp-content\/uploads\/2019\/11\/AMCieszewscy_2018_04_279999_601-150x150.jpg\" class=\"attachment-thumbnail size-thumbnail\" alt=\"\" loading=\"lazy\" \/><\/a>\n\t\t\t<\/div><\/figure><figure class='gallery-item'>\n\t\t\t<div class='gallery-icon landscape'>\n\t\t\t\t<a href='https:\/\/www.mapamundimusica.com\/viguela\/colaboracionpl\/attachment\/amcieszewscy_2018_04_279999_584\/'><img width=\"150\" height=\"150\" src=\"https:\/\/www.mapamundimusica.com\/viguela\/wp-content\/uploads\/2019\/11\/AMCieszewscy_2018_04_279999_584-150x150.jpg\" class=\"attachment-thumbnail size-thumbnail\" alt=\"\" loading=\"lazy\" \/><\/a>\n\t\t\t<\/div><\/figure><figure class='gallery-item'>\n\t\t\t<div class='gallery-icon landscape'>\n\t\t\t\t<a href='https:\/\/www.mapamundimusica.com\/viguela\/colaboracionpl\/attachment\/amcieszewscy_2018_04_279999_571\/'><img width=\"150\" height=\"150\" src=\"https:\/\/www.mapamundimusica.com\/viguela\/wp-content\/uploads\/2019\/11\/AMCieszewscy_2018_04_279999_571-150x150.jpg\" class=\"attachment-thumbnail size-thumbnail\" alt=\"\" loading=\"lazy\" \/><\/a>\n\t\t\t<\/div><\/figure><figure class='gallery-item'>\n\t\t\t<div class='gallery-icon landscape'>\n\t\t\t\t<a href='https:\/\/www.mapamundimusica.com\/viguela\/colaboracionpl\/attachment\/amcieszewscy_2018_04_279999_487\/'><img width=\"150\" height=\"150\" src=\"https:\/\/www.mapamundimusica.com\/viguela\/wp-content\/uploads\/2019\/11\/AMCieszewscy_2018_04_279999_487-150x150.jpg\" class=\"attachment-thumbnail size-thumbnail\" alt=\"\" loading=\"lazy\" \/><\/a>\n\t\t\t<\/div><\/figure><figure class='gallery-item'>\n\t\t\t<div class='gallery-icon landscape'>\n\t\t\t\t<a href='https:\/\/www.mapamundimusica.com\/viguela\/colaboracionpl\/attachment\/amcieszewscy_2018_04_279999_315\/'><img width=\"150\" height=\"150\" src=\"https:\/\/www.mapamundimusica.com\/viguela\/wp-content\/uploads\/2019\/11\/AMCieszewscy_2018_04_279999_315-150x150.jpg\" class=\"attachment-thumbnail size-thumbnail\" alt=\"\" loading=\"lazy\" \/><\/a>\n\t\t\t<\/div><\/figure><figure class='gallery-item'>\n\t\t\t<div class='gallery-icon landscape'>\n\t\t\t\t<a href='https:\/\/www.mapamundimusica.com\/viguela\/colaboracionpl\/attachment\/amcieszewscy_2018_04_279999_357\/'><img width=\"150\" height=\"150\" src=\"https:\/\/www.mapamundimusica.com\/viguela\/wp-content\/uploads\/2019\/11\/AMCieszewscy_2018_04_279999_357-150x150.jpg\" class=\"attachment-thumbnail size-thumbnail\" alt=\"\" loading=\"lazy\" \/><\/a>\n\t\t\t<\/div><\/figure>\n\t\t<\/div>\n\n<p>Fotos de Mariusz Cieszewski<\/p>\n<p>&nbsp;<\/p>","protected":false},"excerpt":{"rendered":"<p>De Coraz\u00f3n a Coraz\u00f3n: Castilla\u00a0&amp;\u00a0Mazovia \u201cHacen la polka y la mazurka con los mismos conceptos musicales que nuestros abuelos la jota, el son y la seguidilla. Muchos se sorprender\u00edan de ver bailar a nuestros mayores la m\u00fasica del grupo de\u00a0JanuszPrusinowski como si fuera su m\u00fasica de toda la vida.\u201d\u00a0Juan Antonio Torres, acerca de la m\u00fasica [&hellip;]<\/p>\n","protected":false},"author":1,"featured_media":0,"parent":0,"menu_order":0,"comment_status":"closed","ping_status":"closed","template":"","meta":[],"_links":{"self":[{"href":"https:\/\/www.mapamundimusica.com\/viguela\/wp-json\/wp\/v2\/pages\/527"}],"collection":[{"href":"https:\/\/www.mapamundimusica.com\/viguela\/wp-json\/wp\/v2\/pages"}],"about":[{"href":"https:\/\/www.mapamundimusica.com\/viguela\/wp-json\/wp\/v2\/types\/page"}],"author":[{"embeddable":true,"href":"https:\/\/www.mapamundimusica.com\/viguela\/wp-json\/wp\/v2\/users\/1"}],"replies":[{"embeddable":true,"href":"https:\/\/www.mapamundimusica.com\/viguela\/wp-json\/wp\/v2\/comments?post=527"}],"version-history":[{"count":5,"href":"https:\/\/www.mapamundimusica.com\/viguela\/wp-json\/wp\/v2\/pages\/527\/revisions"}],"predecessor-version":[{"id":704,"href":"https:\/\/www.mapamundimusica.com\/viguela\/wp-json\/wp\/v2\/pages\/527\/revisions\/704"}],"wp:attachment":[{"href":"https:\/\/www.mapamundimusica.com\/viguela\/wp-json\/wp\/v2\/media?parent=527"}],"curies":[{"name":"wp","href":"https:\/\/api.w.org\/{rel}","templated":true}]}}