{"id":262,"date":"2018-07-11T09:24:42","date_gmt":"2018-07-11T09:24:42","guid":{"rendered":"http:\/\/www.mapamundimusica.com\/viguela\/?page_id=262"},"modified":"2024-11-03T08:56:59","modified_gmt":"2024-11-03T08:56:59","slug":"bienvenidos","status":"publish","type":"page","link":"https:\/\/www.mapamundimusica.com\/viguela\/","title":{"rendered":"B\u00e1sicamente&#8230;"},"content":{"rendered":"<div id=\"fb-root\"><\/div>\n<p><\/p>\n<h4 style=\"text-align: center;\"><span style=\"font-size: 18pt;\"><a href=\"http:\/\/www.mapamundimusica.com\/viguela\/%E7%BB%B4%E5%8F%A4%E6%8B%89-%E4%B9%90%E9%98%9F\/\">\u666e\u901a\u8bdd\u4f20\u8bb0<\/a> &#8211;\u00a0<\/span><a href=\"https:\/\/www.dropbox.com\/s\/q3zwaf14ql4g3y0\/Bio_202106_esp_KR.pdf?dl=0\">\ud55c\uad6d\uc5b4 <\/a>\u00a0&#8211; <a href=\"https:\/\/www.dropbox.com\/s\/272ynive7c3c8ga\/JA%20Bio_202106_jap.pdf?dl=0\">\u65e5\u672c\u8a9e<\/a> &#8211; <a href=\"https:\/\/www.dropbox.com\/s\/ke7do9mnscohgi4\/Bio_202106_esp_ger.pdf?dl=0\">Deutsche Sprache<\/a> &#8211; <a href=\"https:\/\/www.dropbox.com\/s\/4r6iz8jjb7php50\/Bio_202106_FR.pdf?dl=0\">Fran\u00e7aise<\/a><\/h4>\n<h3 style=\"text-align: center;\"><strong>Jota, fandango y seguidilla son sus argumentos.<br \/>\nVoz, madera y piel son sus activos.<\/strong><\/h3>\n<p style=\"text-align: center;\"><span style=\"font-size: 18pt;\"><strong>Disponibles para <span style=\"color: #3366ff;\">conciertos<\/span>, <span style=\"color: #339966;\">talleres<\/span> e <span style=\"color: #d90909;\">ideas locas *<\/span><\/strong><\/span><\/p>\n<p style=\"text-align: center;\"><iframe title=\"YouTube video player\" src=\"https:\/\/www.youtube.com\/embed\/WQJE5FgR82g?si=l0upwKWJwIX5nSxj\" width=\"660\" height=\"365\" frameborder=\"0\" allowfullscreen=\"allowfullscreen\"><\/iframe><\/p>\n<p style=\"text-align: center;\"><iframe title=\"YouTube video player\" src=\"https:\/\/www.youtube.com\/embed\/zHuJtCCfhJU?si=8ITdEcAezkaoFu6l\" width=\"660\" height=\"365\" frameborder=\"0\" allowfullscreen=\"allowfullscreen\"><span data-mce-type=\"bookmark\" style=\"display: inline-block; width: 0px; overflow: hidden; line-height: 0;\" class=\"mce_SELRES_start\">\ufeff<\/span><\/iframe><\/p>\n<p style=\"text-align: center;\"><iframe title=\"YouTube video player\" src=\"https:\/\/www.youtube.com\/embed\/FyWotJ57tnQ?si=2HcadrBrLcZ2MVKr\" width=\"660\" height=\"365\" frameborder=\"0\" allowfullscreen=\"allowfullscreen\"><span data-mce-type=\"bookmark\" style=\"display: inline-block; width: 0px; overflow: hidden; line-height: 0;\" class=\"mce_SELRES_start\">\ufeff<\/span><\/iframe><\/p>\n<h3><strong>Datos esenciales:<\/strong><\/h3>\n<ul>\n<li>Han dado\u00a0<strong>conciertos y talleres en festivales de referencia internacionales<\/strong>, como Forde, WOMAD UK, Urkult, Folk Holidays, EtnoKrakow\u2026 En 2019 han tocado en Espa\u00f1a, Portugal, Serbia, Alemania, Eslovenia, Polonia y Uzbekist\u00e1n, continuando con la l\u00ednea de presencia internacional que comenzaron en 2016.<\/li>\n<li>Sus \u00faltimos dos discos han sido editados por el<strong>\u00a0sello brit\u00e1nico ARC<\/strong>, que tiene 42 a\u00f1os de trayectoria dedicados a las m\u00fasicas del mundo.<\/li>\n<li>Pueden tocar totalmente sin amplificar si el espacio lo permite.<\/li>\n<li>Son<strong>\u00a0gente sencilla, entregada al arte y al p\u00fablico<\/strong>. Pueden compartir habitaci\u00f3n.<\/li>\n<li>Si hay que volar, no hace falta asiento extra para instrumentos ni ninguna complicaci\u00f3n.<\/li>\n<li><strong>Rider<\/strong> <strong>t\u00e9cnico<\/strong> seg\u00fan la formaci\u00f3n y el espacio. Te daremos la mejor opci\u00f3n para ti. El propio grupo cuenta con muchos de los micr\u00f3fonos necesarios.<\/li>\n<li>La formaci\u00f3n b\u00e1sica es quinteto.\u00a0Proyectos m\u00e1s ambiciosos que los desaf\u00eden \u00a1son bienvenidos!<\/li>\n<li>El grupo ha realizado conciertos en directo online, incluyendo la interacci\u00f3n con el p\u00fablico en tiempo real e incluso con colaboraci\u00f3n con otros artistas en 8 pa\u00edses diferentes, en directo.<\/li>\n<li>Hemos lanzado un documental de 19 minutos que se ha subtitulado a ingl\u00e9s, chino mandar\u00edn, japon\u00e9s, coreano, alem\u00e1n, polaco y franc\u00e9s. Pulsa <a href=\"http:\/\/www.mapamundimusica.com\/viguela\/en\/documental-english-%C2%B7-%E6%97%A5%E6%9C%AC%E8%AA%9E-%C2%B7-%E6%99%AE%E9%80%9A%E8%AF%9D-%C2%B7-%ED%95%9C%EA%B5%AD%EC%96%B4-%C2%B7-deutsche-sprache-%C2%B7\/\">aqu\u00ed<\/a> para verlo. Ha sido posible gracias al apoyo de la Junta de Comunidades de Castilla-La Mancha y al IPEX.<\/li>\n<\/ul>\n<p><img loading=\"lazy\" class=\"alignright wp-image-450 size-full\" src=\"https:\/\/www.mapamundimusica.com\/viguela\/wp-content\/uploads\/2019\/11\/IMG_8525.jpg\" alt=\"\" width=\"5176\" height=\"3451\" srcset=\"https:\/\/www.mapamundimusica.com\/viguela\/wp-content\/uploads\/2019\/11\/IMG_8525.jpg 5176w, https:\/\/www.mapamundimusica.com\/viguela\/wp-content\/uploads\/2019\/11\/IMG_8525-300x200.jpg 300w, https:\/\/www.mapamundimusica.com\/viguela\/wp-content\/uploads\/2019\/11\/IMG_8525-768x512.jpg 768w, https:\/\/www.mapamundimusica.com\/viguela\/wp-content\/uploads\/2019\/11\/IMG_8525-1024x683.jpg 1024w, https:\/\/www.mapamundimusica.com\/viguela\/wp-content\/uploads\/2019\/11\/IMG_8525-450x300.jpg 450w\" sizes=\"(max-width: 5176px) 100vw, 5176px\" \/><\/p>\n<p>&nbsp;<\/p>\n<p style=\"font-weight: 400;\"><span style=\"font-size: 18pt;\"><span style=\"color: #d90909;\">*\u00a0<strong>Sobre las\u00a0ideas\u00a0locas<\/strong><span style=\"font-size: 14pt;\">,\u00a0<\/span><\/span><span style=\"font-size: 14pt;\">tal vez te preguntes a qu\u00e9 me refiero. Bueno, puedo decirte que:<\/span><\/span><\/p>\n<ul style=\"font-weight: 400;\">\n<li>Uno de los momentos m\u00e1s divertidos en la historia de Vig\u00fcela fue el concierto-show de cocina que hicimos en WOMAD UK. Cocinamos gazpacho, tortilla de patatas y arroz con leche, mientras cant\u00e1bamos y toc\u00e1bamos. Luego el p\u00fablico se lo comi\u00f3 todo en un minuto\u00a0?.<\/li>\n<li>Hemos ense\u00f1ado a tocar la jota y a hacer migas a un grupo de adolescentes canadienses.<\/li>\n<li>Hemos\u00a0colaborado con un grupo polaco, con un d\u00fao de DJs glam brasile\u00f1os, con 7 bandas de otros pa\u00edses en una gala online y pronto empezamos una colaboraci\u00f3n con un grupo finland\u00e9s.<\/li>\n<li>Tenemos un programa para bodas.<\/li>\n<li>Hemos generado m\u00e1s de 100 letras nuevas para cantar, solo para un evento online para la OIT.<\/li>\n<li>Hemos dedicado docenas de canciones personalizadas.<\/li>\n<li>Hemos dado talleres a participantes entre los 3 y los 95 a\u00f1os.<\/li>\n<\/ul>\n<p style=\"font-weight: 400; text-align: center;\"><span style=\"font-size: 14pt;\"><strong>\u00bfTienes una\u00a0idea\u00a0loca? D\u00ednoslo! Seguramente para nosotros no ser\u00e1\u00a0loca <img loading=\"lazy\" class=\"CToWUd\" src=\"https:\/\/mail.google.com\/mail\/e\/1f609\" alt=\"?\" width=\"26\" height=\"26\" data-goomoji=\"1f609\" data-image-whitelisted=\"\" \/><\/strong><\/span><\/p>\n<p>&nbsp;<\/p>","protected":false},"excerpt":{"rendered":"<p>\u666e\u901a\u8bdd\u4f20\u8bb0 &#8211;\u00a0\ud55c\uad6d\uc5b4 \u00a0&#8211; \u65e5\u672c\u8a9e &#8211; Deutsche Sprache &#8211; Fran\u00e7aise Jota, fandango y seguidilla son sus argumentos. Voz, madera y piel son sus activos. Disponibles para conciertos, talleres e ideas locas * \ufeff \ufeff Datos esenciales: Han dado\u00a0conciertos y talleres en festivales de referencia internacionales, como Forde, WOMAD UK, Urkult, Folk Holidays, EtnoKrakow\u2026 En 2019 han [&hellip;]<\/p>\n","protected":false},"author":1,"featured_media":0,"parent":0,"menu_order":0,"comment_status":"closed","ping_status":"closed","template":"","meta":[],"_links":{"self":[{"href":"https:\/\/www.mapamundimusica.com\/viguela\/wp-json\/wp\/v2\/pages\/262"}],"collection":[{"href":"https:\/\/www.mapamundimusica.com\/viguela\/wp-json\/wp\/v2\/pages"}],"about":[{"href":"https:\/\/www.mapamundimusica.com\/viguela\/wp-json\/wp\/v2\/types\/page"}],"author":[{"embeddable":true,"href":"https:\/\/www.mapamundimusica.com\/viguela\/wp-json\/wp\/v2\/users\/1"}],"replies":[{"embeddable":true,"href":"https:\/\/www.mapamundimusica.com\/viguela\/wp-json\/wp\/v2\/comments?post=262"}],"version-history":[{"count":27,"href":"https:\/\/www.mapamundimusica.com\/viguela\/wp-json\/wp\/v2\/pages\/262\/revisions"}],"predecessor-version":[{"id":1436,"href":"https:\/\/www.mapamundimusica.com\/viguela\/wp-json\/wp\/v2\/pages\/262\/revisions\/1436"}],"wp:attachment":[{"href":"https:\/\/www.mapamundimusica.com\/viguela\/wp-json\/wp\/v2\/media?parent=262"}],"curies":[{"name":"wp","href":"https:\/\/api.w.org\/{rel}","templated":true}]}}