{"id":1244,"date":"2021-04-14T09:09:10","date_gmt":"2021-04-14T09:09:10","guid":{"rendered":"http:\/\/www.mapamundimusica.com\/viguela\/?page_id=1244"},"modified":"2021-04-14T14:06:38","modified_gmt":"2021-04-14T14:06:38","slug":"documental-english-%c2%b7-%e6%97%a5%e6%9c%ac%e8%aa%9e-%c2%b7-%e6%99%ae%e9%80%9a%e8%af%9d-%c2%b7-%ed%95%9c%ea%b5%ad%ec%96%b4-%c2%b7-deutsche-sprache-%c2%b7","status":"publish","type":"page","link":"https:\/\/www.mapamundimusica.com\/viguela\/en\/documental-english-%c2%b7-%e6%97%a5%e6%9c%ac%e8%aa%9e-%c2%b7-%e6%99%ae%e9%80%9a%e8%af%9d-%c2%b7-%ed%95%9c%ea%b5%ad%ec%96%b4-%c2%b7-deutsche-sprache-%c2%b7\/","title":{"rendered":"Documentary: English\u00a0\u00b7\u00a0\u65e5\u672c\u8a9e\u00a0\u00b7\u00a0\u666e\u901a\u8bdd\u00a0\u00b7\u00a0\ud55c\uad6d\uc5b4\u00a0\u00b7\u00a0Deutsche Sprache\u00a0\u00b7\u00a0J\u0119zyk polski\u00a0\u00b7\u00a0Fran\u00e7aise"},"content":{"rendered":"<div id=\"fb-root\"><\/div>\n<p><\/p>\n<h4 style=\"text-align: center;\">Click:<\/h4>\n<h3 class=\"title style-scope ytd-video-primary-info-renderer\" style=\"text-align: center;\"><a href=\"https:\/\/youtu.be\/j_1fGAFGBKA\" target=\"_blank\" rel=\"noopener noreferrer\">English<\/a>\u00a0\u00b7\u00a0<a href=\"https:\/\/www.youtube.com\/watch?v=wM-I2QNIGCc\" target=\"_blank\" rel=\"noopener noreferrer\">\u65e5\u672c\u8a9e<\/a>\u00a0\u00b7\u00a0<a href=\"https:\/\/youtu.be\/mQl-f2OanjI\" target=\"_blank\" rel=\"noopener noreferrer\">\u666e\u901a\u8bdd<\/a>\u00a0\u00b7\u00a0<a href=\"https:\/\/youtu.be\/jg6SyNIYBNo\" target=\"_blank\" rel=\"noopener noreferrer\">\ud55c\uad6d\uc5b4<\/a>\u00a0\u00b7\u00a0<a href=\"https:\/\/youtu.be\/dTDLGt-ToSU\" target=\"_blank\" rel=\"noopener noreferrer\">Deutsche Sprache<\/a><br \/>\n\u00b7\u00a0<a href=\"https:\/\/youtu.be\/ImMJu0dvoQU\" target=\"_blank\" rel=\"noopener noreferrer\">J\u0119zyk polski<\/a>\u00a0\u00b7\u00a0<a href=\"https:\/\/www.youtube.com\/watch?v=_v6UBsIzkVo\" target=\"_blank\" rel=\"noopener noreferrer\">Fran\u00e7aise<\/a><\/h3>\n<p style=\"text-align: center;\"><span style=\"font-size: 14pt;\">For <strong>Spanish<\/strong>, click on the picture:<\/span><\/p>\n<p><a href=\"https:\/\/www.youtube.com\/watch?v=sivIQNwrfXw\"><img loading=\"lazy\" class=\"wp-image-1245 aligncenter\" src=\"http:\/\/www.mapamundimusica.com\/viguela\/wp-content\/uploads\/2021\/04\/web-1024x574.png\" alt=\"\" width=\"703\" height=\"394\" srcset=\"https:\/\/www.mapamundimusica.com\/viguela\/wp-content\/uploads\/2021\/04\/web-1024x574.png 1024w, https:\/\/www.mapamundimusica.com\/viguela\/wp-content\/uploads\/2021\/04\/web-300x168.png 300w, https:\/\/www.mapamundimusica.com\/viguela\/wp-content\/uploads\/2021\/04\/web-768x431.png 768w, https:\/\/www.mapamundimusica.com\/viguela\/wp-content\/uploads\/2021\/04\/web.png 1189w\" sizes=\"(max-width: 703px) 100vw, 703px\" \/><\/a><\/p>\n<p>Execute production: Araceli Tzigane (Mapamundi M\u00fasica)<br \/>\nMusicians from Vig\u00fcela (from left to right in the picture): Juan Antonio Torres, Mari Nieto, Luis Garc\u00eda Valera, David Moll\u00f3n, Menchu Torres<br \/>\nVoice over: Juan Antonio V\u00e1zquez<br \/>\nCamera, edition and mountage: Jaime Massieu<br \/>\nVideo recording at the studio with Jorge Pardo: Irene Guti\u00e9rrez Cuevas<br \/>\nRecorded in Jenny Records (Toledo) and in El Carpio de Tajo, november and december 2020.<br \/>\nThanks to: Irene Guti\u00e9rrez, Jorge Pardo, Toni Quintana, Juan Antonio Torres Vaquerizo, bar La Parra, Ewa Gom\u00f3\u0142ka<br \/>\nThis has been possible thanks to the Junta de Comunidades de Castilla-La Mancha and IPEX (Instituto de Promoci\u00f3n Exterior)<\/p>\n<h4 class=\"title style-scope ytd-video-primary-info-renderer\"><\/h4>\n<p><\/p>","protected":false},"excerpt":{"rendered":"<p>Click: English\u00a0\u00b7\u00a0\u65e5\u672c\u8a9e\u00a0\u00b7\u00a0\u666e\u901a\u8bdd\u00a0\u00b7\u00a0\ud55c\uad6d\uc5b4\u00a0\u00b7\u00a0Deutsche Sprache \u00b7\u00a0J\u0119zyk polski\u00a0\u00b7\u00a0Fran\u00e7aise For Spanish, click on the picture: Execute production: Araceli Tzigane (Mapamundi M\u00fasica) Musicians from Vig\u00fcela (from left to right in the picture): Juan Antonio Torres, Mari Nieto, Luis Garc\u00eda Valera, David Moll\u00f3n, Menchu Torres Voice over: Juan Antonio V\u00e1zquez Camera, edition and mountage: Jaime Massieu Video recording at the studio [&hellip;]<\/p>\n","protected":false},"author":1,"featured_media":0,"parent":0,"menu_order":0,"comment_status":"closed","ping_status":"closed","template":"","meta":[],"_links":{"self":[{"href":"https:\/\/www.mapamundimusica.com\/viguela\/en\/wp-json\/wp\/v2\/pages\/1244"}],"collection":[{"href":"https:\/\/www.mapamundimusica.com\/viguela\/en\/wp-json\/wp\/v2\/pages"}],"about":[{"href":"https:\/\/www.mapamundimusica.com\/viguela\/en\/wp-json\/wp\/v2\/types\/page"}],"author":[{"embeddable":true,"href":"https:\/\/www.mapamundimusica.com\/viguela\/en\/wp-json\/wp\/v2\/users\/1"}],"replies":[{"embeddable":true,"href":"https:\/\/www.mapamundimusica.com\/viguela\/en\/wp-json\/wp\/v2\/comments?post=1244"}],"version-history":[{"count":12,"href":"https:\/\/www.mapamundimusica.com\/viguela\/en\/wp-json\/wp\/v2\/pages\/1244\/revisions"}],"predecessor-version":[{"id":1257,"href":"https:\/\/www.mapamundimusica.com\/viguela\/en\/wp-json\/wp\/v2\/pages\/1244\/revisions\/1257"}],"wp:attachment":[{"href":"https:\/\/www.mapamundimusica.com\/viguela\/en\/wp-json\/wp\/v2\/media?parent=1244"}],"curies":[{"name":"wp","href":"https:\/\/api.w.org\/{rel}","templated":true}]}}